{"id":19322,"date":"2015-04-02T08:43:35","date_gmt":"2015-04-02T07:43:35","guid":{"rendered":"https:\/\/intelligent-friend-7861.standoutwp.com\/?page_id=19322"},"modified":"2026-05-01T12:11:14","modified_gmt":"2026-05-01T10:11:14","slug":"linkoping-utstallningar","status":"publish","type":"page","link":"https:\/\/www.kultursidan.nu\/?page_id=19322","title":{"rendered":"UTST\u00c4LLNINGAR Link\u00f6ping"},"content":{"rendered":"<h2><span style=\"color: #ff0000;\">Institutioner \u2022 Konstgallerier<\/span><\/h2>\n<p><span style=\"color: #0000ff;\">INSTITUTIONER<\/span><\/p>\n<p><strong>FLYGVAPENMUSEET <\/strong><a href=\"https:\/\/www.flygvapenmuseum.se\/besok-oss\/\">info<\/a> <em><br \/>\n<strong>Utst\u00e4llningar<\/strong> Hemliga handlingar \u2013 DC-3:an som f\u00f6rsvann \u2022 <\/em><em>Om kriget kommer \u2013 Sverige under kalla kriget\u00a0 \u2013 Kalla kriget \u2013 Epilog. \u2022 Science centret Flyglabbet. \u2022 Futuro \u2022 Flygf\u00e4rdig \u2013 det svenska flygvapnet tar form. \u2022 Flygsimulatorer<br \/>\n<strong>S\u00e4songutst\u00e4llning <\/strong>Krigens barn: Lyssna och Ber\u00e4tta.<\/em> 10\/5 2025\u20131\/2 2026<em><br \/>\n<strong>Galleri<\/strong> D\u00f6derhultarn<br \/>\n<strong>Digitalt<\/strong> Basker Bl\u00e5.<\/em><em><br \/>\n<\/em>\u2022\u2022<strong> \u00d6ppet <\/strong>onsdag\u2013s\u00f6ndag 10\u201316, torsdag 10\u201319. Midsommar\u201331\/8 dagligen 10\u201317, torsdag 10\u201319.\u00a0<em><br \/>\n<\/em><\/p>\n<p><strong>FRILUFTSMUSEET GAMLA LINK\u00d6PING <\/strong><a href=\"http:\/\/www.gamlalinkoping.info\/planera-besok-sp-5810\/oppettider\" target=\"_blank\" rel=\"noopener noreferrer\">info<br \/>\n<\/a>Urval:<br \/>\n<strong>Ankungen Barnbokhandel<\/strong><br \/>\n<strong>Bankmuseet<\/strong> <em>Svensk bankhistoria \u2013 f\u00f6rem\u00e5l samt foto och film av Elisabeth Ohlson<\/em>.<br \/>\n<strong>Barnens bod<\/strong> <em>Lekbara miniatyrmilj\u00f6er \u2013 handelbod, snickarbod m.m.<\/em>.<br \/>\n<strong>Curmanska magasinet<\/strong>\u00a0 <em><strong>Fast utst\u00e4llning<\/strong> Historiskt magasin \u2013 300 \u00e5r av nyheter<\/em>. \u2022 <em>Mammas gata \u2013 fotografi. <\/em><br \/>\n<strong>Domprost Elfs stall<\/strong> <em>Med \u00f6ga f\u00f6r \u00d6terg\u00f6tland \u2013 Rolf Olsson, pressfotograf.<\/em><br \/>\n<strong>Fenomenmagasinet<\/strong> <em>Experiment och teknik.<\/em><br \/>\n<strong>Grafiska Museet<\/strong> <em>Basutst\u00e4llning.<\/em><br \/>\n<strong>Infomagasinet<\/strong> <em>Turistservice. <\/em><br \/>\n<strong>Folkparksteatern<\/strong> <em>Om livet i och kring Folkets park fr\u00e5n 1920-talet och fram\u00e5t.<br \/>\n<\/em><strong>VALLA G\u00c5RD\/Odalmannens museum<\/strong> <em>Traktormakt. \u2022 Lekladug\u00e5rd med riktiga djur och djur av tr\u00e4. \u2022 Alla tiders mj\u00f6lk.<\/em><\/p>\n<p><strong>LINK\u00d6PINGS HUVUDBIBLIOTEK <\/strong><a href=\"https:\/\/www.gotabiblioteken.se\/linkoping-huvudbibliotek#\/\" target=\"_blank\" rel=\"noopener\">info<\/a><strong><br \/>\n<\/strong>\u2022 \u00a0<em>Hattstaden Link\u00f6ping. <\/em>12\/1\u201331\/3 2026.\u00a0<strong><br \/>\n<\/strong><\/p>\n<p><strong>LINK\u00d6PINGS<\/strong> <strong>NATURCENTRUM i Tr\u00e4dg\u00e5rdsf\u00f6reningen <\/strong><a href=\"https:\/\/linkopingsnaturcentrum.se\/program\/\" target=\"_blank\" rel=\"noopener\">info<\/a><\/p>\n<p><strong>LINK\u00d6PINGS SLOTTS- OCH DOMKYRKOMUSEUM <\/strong><a href=\"https:\/\/lsdm.se\/?page_id=12\" target=\"_blank\" rel=\"noopener\">info<\/a><br \/>\n<em><strong>Fasta utst\u00e4llningar<\/strong> Biskop Bengts tornrum \u2022 Skattkammaren \u2022 Karl IX:s sal \u2022 Vasarummet<\/em> \u2022 <em>Brunnsrummet. \u2022\u00a0<strong>Digital utst\u00e4llning<\/strong><\/em> <em>Fr\u00e5n biskopsborg via kungligt slott till landsh\u00f6vdingeresidens<\/em> \u2013 <em>Slottets byggetapper under 900 \u00e5r.<\/em><br \/>\n<em><strong>S\u00e4songsutst\u00e4llning<\/strong> Kom, du skall bli kr\u00f6nt \u2013 Britten Toftarp, brudkronor av tr\u00e5dsl\u00f6jd och <\/em><i>\u00e5terbruk<\/i>. \u00a014\/2 2026\u201331\/1 2027 \u2022\u2022 <strong>\u00d6ppet<\/strong> ons\u2013s\u00f6n kl 12\u201316. \u2022\u2022 22\/6\u20139\/8 2026 alla dagar kl 12\u201316.<\/p>\n<p><strong>PASSAGEN LINK\u00d6PINGS KONSTHALL <\/strong><a href=\"https:\/\/www.linkoping.se\/uppleva-och-gora\/kultur\/konst\/passagen\/passagen-linkopings-konsthall\/\" target=\"_blank\" rel=\"noopener\">info<\/a><strong><br \/>\n<\/strong>\u2022 <em>Caf\u00e9 Lehmitz \u2013 Anders Petersen, fotografi. <\/em>31\/1\u201330\/5 2026. \u2022 <em>Lola \u2013 Elin K\u00e4llman, m\u00e5leri. <\/em>21\/3\u201330\/5 2026. \u2022 <em>V\u00e4nnerna p\u00e5 Place Blanch \u2013 Christer Str\u00f6mholm, fotografi. <\/em>21\/3\u201330\/5 2026. \u2022\u2022<strong> \u00d6ppet <\/strong>tisdag, fre\u2013l\u00f6rdag 12\u201316. onsdag\u2013torsdag 12\u201318.<strong><br \/>\n<\/strong><\/p>\n<p><strong>\u00d6STERG\u00d6TLANDS MUSEUM<\/strong> <a href=\"http:\/\/ostergotlandsmuseum.se\/subsites\/2\" target=\"_blank\" rel=\"noopener\">info<\/a><br \/>\n<em><strong>Fasta utst\u00e4llningar: <\/strong>Verkligheter. \u2022 V\u00e4gen hit \u2013 kulturhistoriska samlingen. \u2022 \u00d6sterlandets skatter. \u2022 Viljans v\u00e4rld. <\/em><br \/>\n<strong><em>S\u00e4songsutst\u00e4llningar: <\/em><\/strong><em>H\u00e4xor \u2013 Pompe Hedengren, Erik Gullberg, Cecilia D\u00fcringer. <\/em>29\/11 2025\u201319\/4 2026.<\/p>\n<p>&nbsp;<\/p>\n<p><span style=\"color: #0000ff;\">KONSTGALLERIER<\/span><\/p>\n<p><strong>Galleri FOTOverket, Skeda loge<\/strong> <em><strong>Fast utst\u00e4llning: \u2022 <\/strong>Ett \u00f6stg\u00f6tskt skogsbad \u2013 Niklas Storm, fotografi. \u2022 Link\u00f6pings akvarells\u00e4llskap. <\/em>28\/3\u20132\/5 2026. \u2022 <em>Fotografi \u2013 Stefan Gelebo. <\/em>9\/5\u201313\/6 2026. \u2022\u2022 <strong>\u00d6ppet <\/strong>\u00d6stg\u00f6tadagarna 10\u201316, annars l\u00f6rdag 11\u201313 eller efter \u00f6verenskommelse. <a href=\"https:\/\/gallerifotoverket.se\/\" target=\"_blank\" rel=\"noopener\">info<\/a><\/p>\n<p><strong>Galleri Gjuteriet, Skylten<\/strong> 2026. \u2022 <em>Arbor Rhizomatica \u2013 Tr\u00e4d, icke-linj\u00e4rt, f\u00f6rgrenat, levande \u2013 Maria Simonsson &amp; Kia Wiklund. <\/em>30\/4\u201314\/5 2026. \u2022 <em>ISO 3200 och hj\u00e4rtat p\u00e5 maz \u2013 n\u00e4r musiken lyser inifr\u00e5n \u2013 Alexandra Peterson, fotografi. 21\/5\u20139\/6 2026. <\/em>\u2022\u2022 <strong> \u00d6ppet<\/strong> tisdag\u2013torsdag 8\u201316. <a href=\"https:\/\/www.linkoping.se\/skylten\/galleri-gjuteriet\/\" target=\"_blank\" rel=\"noopener\">info<\/a><\/p>\n<p><strong>Galleri Magnifik, Missionskyrkan <\/strong>\u2022 <em>V\u00e5r samling \u2013 Jennie Roitto, Charlotta Flod\u00e9n, Veronika Ritto, m\u00e5lningar. Frederik Kornbrink, fotografi. <\/em>11\/4\u201310\/5 2026. \u2022 <em>Liljeholmens folkh\u00f6gskola \u2013 Elevutst\u00e4llning. <\/em>13\/5\u2013\u00a02026.\u00a0 \u2022\u2022 <a href=\"https:\/\/missionskyrkanlinkoping.se\/galleri-magnifik\/\" target=\"_blank\" rel=\"noopener\">info<\/a><\/p>\n<p><strong>Galleri Melefors<\/strong>\u00a0\u2022 <em>Karin Holmstr\u00f6m. <\/em>23\u201330\/5 2026.\u00a0\u2022\u2022 <a href=\"https:\/\/melefors.com\" target=\"_blank\" rel=\"noopener\">info<\/a><strong><br \/>\n<\/strong><\/p>\n<p><strong>Galleri Sk\u00e5debanan <\/strong>\u2022 <em>\u00c5sa Nyberg Botshinda. <\/em>11\/4\u20132\/5 2026. \u2022 <em>Stiftelsen Inuti. <\/em>9\u201330\/5 2026.\u00a0\u2022\u2022 <strong>\u00d6ppet\u00a0<\/strong> tisdag 10\u201316, onsdag 10\u201318, torsdag 10\u201317, l\u00f6rdag kl 12\u201315.\u00a0 (lunchst\u00e4ngt tis\u2013tors kl 13\u201314)<em>.<\/em> <a href=\"http:\/\/www.skadebanan.nu\/galleri-44964526\" target=\"_blank\" rel=\"noopener\">info<\/a><\/p>\n<p><strong>Galleri Sander<\/strong> \u2022 .<\/p>\n<p><strong>Galleri Vreta kloster<\/strong> \u2022 <em>Ve mig, \u00e4nnu brinner denna eld \u2013 Hasti Radpour, foto, objekt och installation<\/em>. \u00a02\u201331 maj 2026. \u2022\u2022 <strong>\u00d6ppet<\/strong> onsdag\u2013torsdag 16\u201318.30, s\u00f6ndag 14\u201317<em>.\u00a0<strong>sommar\u00f6ppet enl \u00f6.k.<\/strong><\/em> <a href=\"http:\/\/gallerivretakloster.se\" target=\"_blank\" rel=\"noopener\">info<\/a><\/p>\n<p><strong>Krogen Amerika<\/strong> \u2022 <em>Isabella Green Kal\u00e9n. <\/em>5\u201319\/9 2026. \u00a0\u2022\u2022 <strong>\u00d6ppet<\/strong> l\u00f6rdag, s\u00f6ndag 12\u201315. <a href=\"https:\/\/www.krogenamerika.se\/galleri-krogen-amerika\/\" target=\"_blank\" rel=\"noopener\">info<\/a><strong><br \/>\n<\/strong><\/p>\n<p><strong>Saab Art Gallery<\/strong> \u00a0\u2022 <em>V\u00e5rsalong, mis \u2013 medlemsutst\u00e4llning. <\/em>21\/5\u20133\/6 2026. \u2022 <em>Riina Kauppi, textila bilder. <\/em>12\u201327\/9 2026. \u2022 <em>Peggy Palmstedt, m\u00e5leri, grafik, objekt,\u00a0<\/em><i>fotografi. <\/i>10\u201325\/10 2026. \u2022 <em>Linda Samuelsson, grafik. \u00a0<\/em>7\u201322\/11 2026. \u2022 \u2022\u2022 <strong>\u00d6ppet<\/strong> vardagar 11.30\u201313, l\u00f6rdag, s\u00f6ndag 14\u201316. <a href=\"https:\/\/saabskonstforening.com\" target=\"_blank\" rel=\"noopener\">info<\/a><\/p>\n<p><strong>Sl\u00f6jdgalleriet<\/strong> \u2022 <em>Utmarker \u2013 ratade och upphittade v\u00e4var med stygn och f\u00f6rvandlingar \u2013 Eva Vogel R\u00f6din. <\/em>8 \/5\u20135\/6 2026. \u2022\u2022 <strong>\u00d6ppet<\/strong> tisdag\u2013fredag 11\u201318, l\u00f6rdag 11\u201315. <a href=\"https:\/\/www.hemslojdeniostergotland.se\/utstallningar\" target=\"_blank\" rel=\"noopener\">info<\/a><\/p>\n","protected":false},"excerpt":{"rendered":"<p>Institutioner \u2022 Konstgallerier INSTITUTIONER FLYGVAPENMUSEET info Utst\u00e4llningar Hemliga handlingar \u2013 DC-3:an som f\u00f6rsvann \u2022 Om kriget kommer \u2013 Sverige under kalla kriget\u00a0 \u2013 Kalla kriget \u2013 Epilog. \u2022 Science centret \u2026 <a class=\"continue-reading-link\" href=\"https:\/\/www.kultursidan.nu\/?page_id=19322\">L\u00e4s mer <span class=\"meta-nav\">&rarr; <\/span><\/a><\/p>\n","protected":false},"author":1001006,"featured_media":0,"parent":0,"menu_order":0,"comment_status":"closed","ping_status":"open","template":"","meta":{"footnotes":""},"class_list":["post-19322","page","type-page","status-publish","hentry"],"jetpack_sharing_enabled":true,"_links":{"self":[{"href":"https:\/\/www.kultursidan.nu\/index.php?rest_route=\/wp\/v2\/pages\/19322","targetHints":{"allow":["GET"]}}],"collection":[{"href":"https:\/\/www.kultursidan.nu\/index.php?rest_route=\/wp\/v2\/pages"}],"about":[{"href":"https:\/\/www.kultursidan.nu\/index.php?rest_route=\/wp\/v2\/types\/page"}],"author":[{"embeddable":true,"href":"https:\/\/www.kultursidan.nu\/index.php?rest_route=\/wp\/v2\/users\/1001006"}],"replies":[{"embeddable":true,"href":"https:\/\/www.kultursidan.nu\/index.php?rest_route=%2Fwp%2Fv2%2Fcomments&post=19322"}],"version-history":[{"count":200,"href":"https:\/\/www.kultursidan.nu\/index.php?rest_route=\/wp\/v2\/pages\/19322\/revisions"}],"predecessor-version":[{"id":43778,"href":"https:\/\/www.kultursidan.nu\/index.php?rest_route=\/wp\/v2\/pages\/19322\/revisions\/43778"}],"wp:attachment":[{"href":"https:\/\/www.kultursidan.nu\/index.php?rest_route=%2Fwp%2Fv2%2Fmedia&parent=19322"}],"curies":[{"name":"wp","href":"https:\/\/api.w.org\/{rel}","templated":true}]}}