{"id":19377,"date":"2015-04-09T14:24:00","date_gmt":"2015-04-09T13:24:00","guid":{"rendered":"https:\/\/intelligent-friend-7861.standoutwp.com\/?page_id=19377"},"modified":"2019-05-31T08:13:22","modified_gmt":"2019-05-31T07:13:22","slug":"fredag-104","status":"publish","type":"page","link":"https:\/\/www.kultursidan.nu\/?page_id=19377","title":{"rendered":"Fredag 31 maj"},"content":{"rendered":"<p><span style=\"color: #ff0000;\">NORRK\u00d6PING<\/span><br \/>\n<a href=\"https:\/\/www.kultursidan.nu\/?page_id=19320\" target=\"_blank\" rel=\"noopener noreferrer\">p\u00e5g\u00e5ende utst\u00e4llningar<\/a><\/p>\n<p>FREDAGSSTREJK F\u00d6R KLIMATET Fridays for Future i H\u00f6rsalsparken kl 12\u201314. <a href=\"https:\/\/www.facebook.com\/events\/307552473242848\/\" target=\"_blank\" rel=\"noopener noreferrer\">info<\/a><\/p>\n<p><span style=\"color: #0000ff;\">BARN\/UNG\/FAMILJ\/SKAPA<\/span><\/p>\n<p><strong>14 &amp; 14.30 <\/strong>Sagokalas: <em>Sagogympa och sagol\u00e4sning med Pippi L\u00e5ngstrump, fr\u00e5n 3 \u00e5r. <\/em> \u2022 Bokskogen, Stadsbiblioteket.<\/p>\n<p><strong>15\u201317<\/strong> DigIT: <em>Koda i html, f\u00f6r 10\u201313 \u00e5r.<\/em> \u2022 Hageby bibliotek, Mirum galleria.<\/p>\n<p><strong>16.00 <\/strong>Tjejklubben: <em>Inspirationssamtal om kreativitet och m\u00e5l. <\/em> \u2022 Wadstr\u00f6msrummet, Stadsbiblioteket. (F\u00d6RANM\u00c4L)<\/p>\n<p><strong>17\u201319<\/strong> DigIT: <em>Redigera bilder i Photoshop, f\u00f6r 10\u201319 \u00e5r.<\/em> \u2022 Hageby bibliotek, Mirum galleria.<\/p>\n<p><span style=\"color: #0000ff;\">FILM<\/span><\/p>\n<p><strong>18.00 <\/strong>Komedi\/ Premi\u00e4r: <em>The Beach Bum.<\/em> \u2022 Cnema.<\/p>\n<p><strong>18.30 <\/strong>Musik\/Dramadokument\u00e4r\/ Premi\u00e4r: <em>Rocketman \u2013 om Elton John.<\/em> \u2022 Cnema.<\/p>\n<p><strong>20.30 <\/strong>Skr\u00e4ck\/ Premi\u00e4r: <em>Ma \u2013 Blumhouse.<\/em> \u2022 Filmstaden.<\/p>\n<p><span style=\"color: #0000ff;\">GUIDNING\/ VISNING<br \/>\n<\/span><\/p>\n<p><strong>13.00 <\/strong>Guidning: <em>Slottsvisning.<\/em> \u2022 L\u00f6fstad slott.<\/p>\n<p><span style=\"color: #0000ff;\">MUSIK<\/span><\/p>\n<p><strong>12.00 <\/strong>Lunchmusik: <em>Martin Frodlund, orgel.<\/em> \u2022 Klockarg\u00e5rdens kyrka.<\/p>\n<p><strong>18.00 <\/strong>Musik: <em>Musikhuvudstaden \u2013 A showcase \u2013 Dessert Vibes, electronica, C.C.R(r), klassisk rock, EN P\u00c5SE SKIT, punk, Nina Ka, poppig och rockig pop, Edvin, svensk pop, Bliss, electronica\/downtempo\/chillwave, E\u00d3, alternative indie, experimentell arty musik, genre fr\u00e5n alla m\u00f6jliga h\u00e5ll, Jaz, RnB\/pop, Deity, doom\/sludge metal, Nica, chill indie, soul, jazz och bohemiskt, Wham Bam Thank Ya Mam, vi kommer spela en sk\u00f6n mix av soul\/blues, Sativa, trap och hiphop.<\/em> Arr: Musikentrepren\u00f6rslinjen, Marieborgs fhs. \u2022 Arbis.<\/p>\n<p><strong>20.00 <\/strong>Trubadur: <em>Nisses Multi Machine Band.<\/em> \u2022 God v\u00e4n.<\/p>\n<p><strong>21.00 <\/strong>Partynight: <em>Karaoke och DJ.<\/em> \u2022 The Cromwell House.<\/p>\n<p><strong>22.00 <\/strong>Superfredag: <em>DJ: Gresse. <\/em>\u2022 Arbis.<\/p>\n<p><strong>22.00 <\/strong>Club Tropicana: <em>Pedro Crus och Criss Pessini. DJ: Le Brown. <\/em>\u2022 Hugo.<\/p>\n<p><span style=\"color: #0000ff;\">SCEN<\/span><\/p>\n<p><strong>19.00 <\/strong>Stand-up: <em>Va sjutton!<\/em> \u2022 Broadway Konditori.<\/p>\n<p><span style=\"color: #ff0000;\">FINSP\u00c5NG<\/span><br \/>\n<a href=\"https:\/\/www.kultursidan.nu\/?page_id=19324\" target=\"_blank\" rel=\"noopener noreferrer\">p\u00e5g\u00e5ende utst\u00e4llningar<\/a><\/p>\n<p><strong>9.00 <\/strong>Skogsvandring: <em>Dramatiserad guidning i Trollk\u00e4ringeskogen.<\/em> Arr: Finsp\u00e5ngs turistbyr\u00e5. \u2022 Trollk\u00e4ringeskogen. (F\u00d6RANM\u00c4L)<\/p>\n<p><strong>18.00 <\/strong>Marknadsfesten: <em>P\u00e5 G, trubadur, dansgolv.<\/em> \u2022 Joan&#8217;s.<\/p>\n<p><span style=\"color: #ff0000;\">S\u00d6DERK\u00d6PING<\/span><br \/>\n<a href=\"https:\/\/www.kultursidan.nu\/?page_id=27507\" target=\"_blank\" rel=\"noopener noreferrer\">p\u00e5g\u00e5ende utst\u00e4llningar<\/a><\/p>\n<p><span style=\"color: #ff0000;\">VALDEMARSVIK<br \/>\n<\/span><a href=\"https:\/\/www.kultursidan.nu\/?page_id=27509\" target=\"_blank\" rel=\"noopener noreferrer\">p\u00e5g\u00e5ende utst\u00e4llningar<\/a><\/p>\n<p>GUSUMDAGARNA 31\/5\u20131\/6. <a href=\"https:\/\/www.visitostergotland.se\/sv\/valdemarsvik\/266074\/Gusumsdagarna\/\" target=\"_blank\" rel=\"noopener noreferrer\">info<\/a><\/p>\n<p><strong>17.00 <\/strong>Gusumdagarna: <em>Seniordans med Benny Wagnberg.<\/em> <strong>21.00<\/strong><em> Pubkv\u00e4ll med Karlsson x 2 med II SHY<\/em>. Arr: Gusums IF. \u2022 Centrum, GUSUM.<\/p>\n<p>&nbsp;<\/p>\n","protected":false},"excerpt":{"rendered":"<p>NORRK\u00d6PING p\u00e5g\u00e5ende utst\u00e4llningar FREDAGSSTREJK F\u00d6R KLIMATET Fridays for Future i H\u00f6rsalsparken kl 12\u201314. info BARN\/UNG\/FAMILJ\/SKAPA 14 &amp; 14.30 Sagokalas: Sagogympa och sagol\u00e4sning med Pippi L\u00e5ngstrump, fr\u00e5n 3 \u00e5r. \u2022 Bokskogen, \u2026 <a class=\"continue-reading-link\" href=\"https:\/\/www.kultursidan.nu\/?page_id=19377\">L\u00e4s mer <span class=\"meta-nav\">&rarr; <\/span><\/a><\/p>\n","protected":false},"author":1001006,"featured_media":0,"parent":0,"menu_order":0,"comment_status":"closed","ping_status":"open","template":"","meta":{"footnotes":""},"class_list":["post-19377","page","type-page","status-publish","hentry"],"jetpack_sharing_enabled":true,"_links":{"self":[{"href":"https:\/\/www.kultursidan.nu\/index.php?rest_route=\/wp\/v2\/pages\/19377","targetHints":{"allow":["GET"]}}],"collection":[{"href":"https:\/\/www.kultursidan.nu\/index.php?rest_route=\/wp\/v2\/pages"}],"about":[{"href":"https:\/\/www.kultursidan.nu\/index.php?rest_route=\/wp\/v2\/types\/page"}],"author":[{"embeddable":true,"href":"https:\/\/www.kultursidan.nu\/index.php?rest_route=\/wp\/v2\/users\/1001006"}],"replies":[{"embeddable":true,"href":"https:\/\/www.kultursidan.nu\/index.php?rest_route=%2Fwp%2Fv2%2Fcomments&post=19377"}],"version-history":[{"count":355,"href":"https:\/\/www.kultursidan.nu\/index.php?rest_route=\/wp\/v2\/pages\/19377\/revisions"}],"predecessor-version":[{"id":41764,"href":"https:\/\/www.kultursidan.nu\/index.php?rest_route=\/wp\/v2\/pages\/19377\/revisions\/41764"}],"wp:attachment":[{"href":"https:\/\/www.kultursidan.nu\/index.php?rest_route=%2Fwp%2Fv2%2Fmedia&parent=19377"}],"curies":[{"name":"wp","href":"https:\/\/api.w.org\/{rel}","templated":true}]}}