{"id":27507,"date":"2016-10-24T08:21:37","date_gmt":"2016-10-24T07:21:37","guid":{"rendered":"https:\/\/intelligent-friend-7861.standoutwp.com\/?page_id=27507"},"modified":"2026-04-30T16:26:48","modified_gmt":"2026-04-30T14:26:48","slug":"utstallningar-soderkoping","status":"publish","type":"page","link":"https:\/\/www.kultursidan.nu\/?page_id=27507","title":{"rendered":"UTST\u00c4LLNINGAR S\u00f6derk\u00f6ping"},"content":{"rendered":"<h3><span style=\"color: #ff0000;\">S\u00d6DERK\u00d6PING<\/span><\/h3>\n<p><span style=\"color: #0000ff;\">UTOMHUS<\/span><\/p>\n<p><strong>Galleri G\u00e5ngtunnel<\/strong> G\u00e5ngtunnel under E22. <em>26 meter ung konst. <\/em><\/p>\n<p><strong>Kultur i skymning<\/strong> <em>Konstrunda med start i R\u00e5dhuset.<\/em> V\u00e5revent. <a href=\"https:\/\/soderkopingskonstforening.wordpress.com\" target=\"_blank\" rel=\"noopener\">Info<\/a><\/p>\n<p><span style=\"color: #000000;\"><span style=\"caret-color: #000000;\"><b>S\u00f6derk\u00f6pings konstrunda <\/b><\/span><\/span><em>25 elsk\u00e5p + ett frist\u00e5ende verk utsmyckade av lokala konstn\u00e4rer.<\/em> Arr: S\u00f6derk\u00f6pings-Posten och E.on. <a href=\"https:\/\/soderkopingsposten.se\/konstrunda\" target=\"_blank\" rel=\"noopener\">Info<\/a><\/p>\n<p><strong>S\u00f6derk\u00f6pings torg\/parker\/gr\u00e4nder<\/strong><em> Broder Torsten och Ingeborg tr\u00e4ben<\/em> i Konstventsomr\u00e5det\/Skvallertorget. \u2022 <em>I fablernas v\u00e4rld \u2013 Katten och Haren, Fantastisk symbios, Digital hydra, Jag \u00f6nskar. <\/em>\u2022 <em>Paviljongen \u2013 om medeltiden i ord och bild <\/em>vid Vintervadsgatan\/Hospitalsgaran.\u00a0 \u2022 <em>Tronen <\/em>i Kyrkparken. \u2022 <em>S:t Ilians kyrka<\/em> \u2013 modell i Kanalhamnen.\u00a0 \u2022 <em>Kjorteln<\/em> i F\u00e4rgargr\u00e4nd. \u2022 <em>Kanalgr\u00e4varna<\/em> i Kanalhamnen. \u2022 samt <strong><em>Konsttr\u00e4dg\u00e5rdar &amp; Skulpturer <\/em><\/strong><a href=\"https:\/\/www.soderkoping.se\/kultur-fritid\/kultur\/utstallningar\/\" target=\"_blank\" rel=\"noopener\">Info<\/a><\/p>\n<p><strong>S\u00f6derk\u00f6pings\u00e5n<\/strong> <em>\u00c5-art med BlandArt. <\/em>Sommartid.<strong><br \/>\n<\/strong><\/p>\n<p><span style=\"color: #0000ff;\">UTST\u00c4LLNINGAR<\/span><\/p>\n<p><strong>Galleri Hassel<\/strong> \u2022<\/p>\n<p><strong>Galleri R\u00e5dhuset\u00a0<\/strong> <a href=\"https:\/\/blandart.com\" target=\"_blank\" rel=\"noopener\">Info<\/a><strong><br \/>\n<\/strong><em><strong>Stora galleriet <\/strong><\/em>\u2022 <em>BlandArts V\u00e5rutst\u00e4llning.<\/em> 28\/2\u20137\/6 2026<strong>.<\/strong><strong><br \/>\n<em>Lilla galleriet <\/em><\/strong><em>\u2022\u00a0<\/em><br \/>\n\u2022\u2022 <strong>\u00d6ppet<\/strong> L\u00f6r, s\u00f6n kl 12\u201316. <del>Sommarutst\u00e4llningen med Lilla Galleriet dagligen 12\u201318.<\/del><\/p>\n<p><strong>Stinsen <\/strong><a href=\"https:\/\/www.gotabiblioteken.se\/soderkoping-program\/program-utstallningar\" target=\"_blank\" rel=\"noopener\">info<\/a><br \/>\n<em><strong>Fast utst\u00e4llning<\/strong><\/em> <em>EWK<\/em>.<br \/>\n<em><strong>S\u00e4songutst\u00e4llning\u00a0<\/strong><\/em><\/p>\n<p><strong>S:t Ragnhilds gilles Stadshistoriska museum\u00a0<\/strong><a href=\"http:\/\/www.stragnhildsgille.se\/wordpress\/aktuellt\/\">info<\/a><br \/>\n<em><strong>Fast utst\u00e4llning<\/strong><\/em> <em>Stadens utveckling under n\u00e4rmare 1000 \u00e5r.<br \/>\n<strong>S\u00e4songutst\u00e4llning<\/strong><\/em> . \u2022\u2022 <strong>\u00d6ppet <\/strong>midsommar\u2013augusti kl 13\u201317. Andra tider enligt \u00f6verenskommelse.\u00a0 <del><\/del><\/p>\n<p><span style=\"color: #0000ff;\">ARBETSLIVSMUSEER, BYGDEG\u00c5RDAR m.m.<\/span><\/p>\n<p><strong>Bj\u00f6rke V\u00e4veri, Fixomr\u00e5det <\/strong>\u00a0 <a href=\"https:\/\/bjorkevaveri.se\" target=\"_blank\" rel=\"noopener\">Info<\/a><br \/>\n<em><strong>S\u00e4songutst\u00e4llning:<\/strong> \u2022 <\/em>.<br \/>\n\u2022<em>\u2022 <\/em><strong>\u00d6ppet<\/strong>\u00a0 Tisdag\u2013fredag kl 11\u201318. L\u00f6 kl 10\u201315.<\/p>\n<p><strong>Edgards, Nedre Lagn\u00f6, S:t ANNA <\/strong><a href=\"https:\/\/www.edgardspalagno.se\/\" target=\"_blank\" rel=\"noopener\">info<\/a><br \/>\n<del><em><strong>Fast utst\u00e4llning<\/strong><\/em> <em>V\u00e4xeln hall\u00e5, hall\u00e5 \u2013 om husets historia \u2013 F\u00f6rnyare &amp; Bevarare. <\/em><em><br \/>\n<strong>S\u00e4songutst\u00e4llning<\/strong> <\/em>. \u2022<em>\u2022 <\/em><strong>\u00d6ppet<\/strong>\u00a0 4\/5\u201316\/6 l\u00f6rdag, s\u00f6ndag kl 11\u201316. 21\/6\u201325\/8 dagligen kl 11\u201317<em>. <\/em><\/del><\/p>\n<p><strong>S:t Anna Sk\u00e4rg\u00e5rdsmuseum, Tyrisl\u00f6t, S:t ANNA <\/strong><a href=\"https:\/\/www.facebook.com\/sanktannahbf\" target=\"_blank\" rel=\"noopener\">info<\/a><br \/>\n<em><strong>Fast utst\u00e4llning<\/strong><\/em> <em>Livet i sk\u00e4rg\u00e5rden \u2013 fiske och bruksb\u00e5tar.<\/em> \u2022 <em>Natur- och kulturstig<\/em>. \u2022 <em>Barn: Skattjakten.<\/em><br \/>\n<em><strong>S\u00e4songutst\u00e4llning\u00a0<\/strong><\/em> <em>\u2022\u2022 <\/em><strong>\u00d6ppet<\/strong> 24\/6\u201313\/8 2023 torsdag\u2013s\u00f6ndag kl 12\u201317. 19\/8\u20133\/9 2023 l\u00f6rdag\u2013s\u00f6ndag kl 12\u201317.<\/p>\n","protected":false},"excerpt":{"rendered":"<p>S\u00d6DERK\u00d6PING UTOMHUS Galleri G\u00e5ngtunnel G\u00e5ngtunnel under E22. 26 meter ung konst. Kultur i skymning Konstrunda med start i R\u00e5dhuset. V\u00e5revent. Info S\u00f6derk\u00f6pings konstrunda 25 elsk\u00e5p + ett frist\u00e5ende verk utsmyckade \u2026 <a class=\"continue-reading-link\" href=\"https:\/\/www.kultursidan.nu\/?page_id=27507\">L\u00e4s mer <span class=\"meta-nav\">&rarr; <\/span><\/a><\/p>\n","protected":false},"author":1001006,"featured_media":0,"parent":0,"menu_order":0,"comment_status":"closed","ping_status":"closed","template":"","meta":{"footnotes":""},"class_list":["post-27507","page","type-page","status-publish","hentry"],"jetpack_sharing_enabled":true,"_links":{"self":[{"href":"https:\/\/www.kultursidan.nu\/index.php?rest_route=\/wp\/v2\/pages\/27507","targetHints":{"allow":["GET"]}}],"collection":[{"href":"https:\/\/www.kultursidan.nu\/index.php?rest_route=\/wp\/v2\/pages"}],"about":[{"href":"https:\/\/www.kultursidan.nu\/index.php?rest_route=\/wp\/v2\/types\/page"}],"author":[{"embeddable":true,"href":"https:\/\/www.kultursidan.nu\/index.php?rest_route=\/wp\/v2\/users\/1001006"}],"replies":[{"embeddable":true,"href":"https:\/\/www.kultursidan.nu\/index.php?rest_route=%2Fwp%2Fv2%2Fcomments&post=27507"}],"version-history":[{"count":158,"href":"https:\/\/www.kultursidan.nu\/index.php?rest_route=\/wp\/v2\/pages\/27507\/revisions"}],"predecessor-version":[{"id":43774,"href":"https:\/\/www.kultursidan.nu\/index.php?rest_route=\/wp\/v2\/pages\/27507\/revisions\/43774"}],"wp:attachment":[{"href":"https:\/\/www.kultursidan.nu\/index.php?rest_route=%2Fwp%2Fv2%2Fmedia&parent=27507"}],"curies":[{"name":"wp","href":"https:\/\/api.w.org\/{rel}","templated":true}]}}